{"id":3284,"date":"2020-07-23T23:33:57","date_gmt":"2020-07-23T23:33:57","guid":{"rendered":"https:\/\/manfred-schwaiger.at\/?page_id=3284"},"modified":"2024-06-14T15:21:47","modified_gmt":"2024-06-14T15:21:47","slug":"kritiken","status":"publish","type":"page","link":"https:\/\/manfred-schwaiger.at\/index.php\/kritiken\/","title":{"rendered":"Kritiken"},"content":{"rendered":"\t\t<div data-elementor-type=\"wp-page\" data-elementor-id=\"3284\" class=\"elementor elementor-3284\">\n\t\t\t\t\t\t<div class=\"elementor-inner\">\n\t\t\t\t<div class=\"elementor-section-wrap\">\n\t\t\t\t\t\t\t\t\t<section class=\"elementor-section elementor-top-section elementor-element elementor-element-48995e6 elementor-section-boxed elementor-section-height-default elementor-section-height-default\" data-id=\"48995e6\" data-element_type=\"section\">\n\t\t\t\t\t\t<div class=\"elementor-container elementor-column-gap-default\">\n\t\t\t\t\t\t\t<div class=\"elementor-row\">\n\t\t\t\t\t<div class=\"elementor-column elementor-col-100 elementor-top-column elementor-element elementor-element-0fd4f8f\" data-id=\"0fd4f8f\" data-element_type=\"column\">\n\t\t\t<div class=\"elementor-column-wrap elementor-element-populated\">\n\t\t\t\t\t\t\t<div class=\"elementor-widget-wrap\">\n\t\t\t\t\t\t<div class=\"elementor-element elementor-element-bfebfcb elementor-widget elementor-widget-text-editor\" data-id=\"bfebfcb\" data-element_type=\"widget\" data-widget_type=\"text-editor.default\">\n\t\t\t\t<div class=\"elementor-widget-container\">\n\t\t\t\t\t\t\t\t<div class=\"elementor-text-editor elementor-clearfix\">\n\t\t\t\t<div style=\"color: #da5252;\"><strong>2024:<\/strong> &#8222;Die Fledermaus&#8220; &#8211; Sallzburger Operettentheater &#8211; schlote und Partner, Rolle: &#8222;Frosch&#8220;\nMAIN POST (01.01.2024 Manfred Herker) nach einer Vorstellung in Schweinfurt am 31.12.2023<\/div>\n<div><\/div>\n<div><span style=\"color: #ffffff;\">&#8222;&#8230;es wurde ein h\u00f6chst vergn\u00fcgllicher Abend, eine gelungene Einstimmung auf den Jahreswechsel&#8230;\nGerichtsdiener Frosch &#8211; Paraderolle vieler Kom\u00f6dianten wie Hans Moser oder Karl Valentin&#8230;Manfred Schwaiger macht daraus ein gro\u00dfartiges Kabinettst\u00fcck aus Comedy und Schlagfertigkeit&#8230;&#8220;<\/span><\/div>\n<div><\/div>\t\t\t\t\t<\/div>\n\t\t\t\t\t\t<\/div>\n\t\t\t\t<\/div>\n\t\t\t\t<div class=\"elementor-element elementor-element-000283d elementor-widget elementor-widget-text-editor\" data-id=\"000283d\" data-element_type=\"widget\" data-widget_type=\"text-editor.default\">\n\t\t\t\t<div class=\"elementor-widget-container\">\n\t\t\t\t\t\t\t\t<div class=\"elementor-text-editor elementor-clearfix\">\n\t\t\t\t<div style=\"color: #da5252;\"><strong>2022:<\/strong> Salzburger Pfingstfestspiele &#8211; IL BARBIERE DI SIVIGLIA &#8211; Rolle: Domenico La Forza (im Original &#8222;Ufficiale&#8220;)<br \/>Drehpunkt Kultur &#8211; Die Salzburger Kulturzeitung im Internet 04\/06\/22 Von Gottfried Franz Kasparek<\/div><div>\u00a0<\/div><div><span style=\"color: #ffffff;\">&#8222;&#8230;Aus den Reihen der von Walter Zeh bestens einstudierten M\u00e4nnerabteilung des Philharmonia Chors aus Wien stammen Max Sahliger (der elegant verschlafene Ambrogio) und Manfred Schwaiger (ein stoischer Bonze mit Zigarre namens Domenico La Forza) und beide f\u00fcgen sich mit gro\u00dfem K\u00f6nnen in das Ensemble. Res\u00fcmee: Pr\u00e4dikat sehens- und h\u00f6renswert.&#8220;<\/span><\/div><div>\u00a0<\/div>\t\t\t\t\t<\/div>\n\t\t\t\t\t\t<\/div>\n\t\t\t\t<\/div>\n\t\t\t\t\t\t<\/div>\n\t\t\t\t\t<\/div>\n\t\t<\/div>\n\t\t\t\t\t\t\t\t<\/div>\n\t\t\t\t\t<\/div>\n\t\t<\/section>\n\t\t\t\t<section class=\"elementor-section elementor-top-section elementor-element elementor-element-3690190 elementor-section-boxed elementor-section-height-default elementor-section-height-default\" data-id=\"3690190\" data-element_type=\"section\">\n\t\t\t\t\t\t<div class=\"elementor-container elementor-column-gap-default\">\n\t\t\t\t\t\t\t<div class=\"elementor-row\">\n\t\t\t\t\t<div class=\"elementor-column elementor-col-100 elementor-top-column elementor-element elementor-element-4de4e4f\" data-id=\"4de4e4f\" data-element_type=\"column\">\n\t\t\t<div class=\"elementor-column-wrap elementor-element-populated\">\n\t\t\t\t\t\t\t<div class=\"elementor-widget-wrap\">\n\t\t\t\t\t\t<div class=\"elementor-element elementor-element-d83cb06 elementor-widget elementor-widget-text-editor\" data-id=\"d83cb06\" data-element_type=\"widget\" data-widget_type=\"text-editor.default\">\n\t\t\t\t<div class=\"elementor-widget-container\">\n\t\t\t\t\t\t\t\t<div class=\"elementor-text-editor elementor-clearfix\">\n\t\t\t\t<strong><div style=\"color: #da5252;\">2021:<\/strong> &#8222;Der Vogelh\u00e4ndler&#8220; Oper@Tee im KUMST (Marchfeld Strasshof), Rolle &#8222;Baron Weps&#8220;<br>\nIOCO KULTUR IM NETZ (13.12.2021 von Marcus Haimerl) &#8222;Oper@Tee: <br><br><p>mit einer spr\u00fchenden Operette\nim KUMST &#8230; Mit viel Witz begeistert auch <span class=\"il\">Manfred<\/span> Schwaiger als beeindruckender kurf\u00fcrstlicher Wald- und Wildmeister Baron Weps&#8220;<\/div>\t\t\t\t\t<\/div>\n\t\t\t\t\t\t<\/div>\n\t\t\t\t<\/div>\n\t\t\t\t\t\t<\/div>\n\t\t\t\t\t<\/div>\n\t\t<\/div>\n\t\t\t\t\t\t\t\t<\/div>\n\t\t\t\t\t<\/div>\n\t\t<\/section>\n\t\t\t\t<section class=\"elementor-section elementor-top-section elementor-element elementor-element-a153569 elementor-section-boxed elementor-section-height-default elementor-section-height-default\" data-id=\"a153569\" data-element_type=\"section\">\n\t\t\t\t\t\t<div class=\"elementor-container elementor-column-gap-default\">\n\t\t\t\t\t\t\t<div class=\"elementor-row\">\n\t\t\t\t\t<div class=\"elementor-column elementor-col-100 elementor-top-column elementor-element elementor-element-521bfae\" data-id=\"521bfae\" data-element_type=\"column\">\n\t\t\t<div class=\"elementor-column-wrap elementor-element-populated\">\n\t\t\t\t\t\t\t<div class=\"elementor-widget-wrap\">\n\t\t\t\t\t\t<div class=\"elementor-element elementor-element-dbf36f5 elementor-widget elementor-widget-text-editor\" data-id=\"dbf36f5\" data-element_type=\"widget\" data-widget_type=\"text-editor.default\">\n\t\t\t\t<div class=\"elementor-widget-container\">\n\t\t\t\t\t\t\t\t<div class=\"elementor-text-editor elementor-clearfix\">\n\t\t\t\t<span style=\"color: #da5252;\">2020:<\/span>\n\n<span style=\"color: #da5252;\"><b>\u201eDie Fledermaus\u201c<\/b> Salzburger Operettentheater schlote productions <b>\u2013 Rolle:<span class=\"Apple-converted-space\">\u00a0 <\/span>Frosch<\/b><\/span>\n\n \t<li><span style=\"color: #ffffff;\">Schweinfurter Tagblatt\/Volkszeitung (10.1.2020 Manfred Herker) \u201eManfred Schwaiger in einer Paraderolle als Slivowitz verliebter Gerichtsdiener Frosch!..Langer herzlicher Applaus..<\/span><\/li>\n<\/ul>\n<\/li>\n<\/ul>\n&nbsp;\n<ul>\n \t<li><span style=\"color: #ffffff;\">Balingen (12.1.2020 Thomas Meinert) \u201eSpielfreudiger hochkar\u00e4tiger Operettengenuss.. schauspielerisch gl\u00e4nzte Manfred Schwaiger als Frosch!&#8230;\u201c<\/span><\/li>\n<\/ul>\n<ul>\n \t<li><span style=\"color: #ffffff;\">Schw\u00e4bische Post (16.1.2020) \u201e..Herzen und Lachmuskeln befeuerte Gerichtsdiener Frosch \u2013 Manfred Schwaiger brachte Lebensweisen in griffige simple S\u00e4tze \u2013 das Publikum im Stadtgarten dankte mit Szenenapplaus\u2026<span class=\"Apple-converted-space\">\u00a0 <\/span>Die Fledermaus begeistert \u2013 Rauschender Schlussapplaus..!\u201c<\/span><\/li>\n<\/ul>\n<span style=\"color: #da5252;\"><b>2019:<\/b><\/span>\n\n<span style=\"color: #da5252;\"><b>\u201eHalleluja \u2013 Die Bibelshow\u201c<\/b> Wald4tler Hoftheater P\u00fcrbach <b>\u2013 Rolle(n): Abraham,Goliath,Moses<\/b><\/span>\n<ul>\n \t<li><span style=\"color: #ffffff;\">Kulturvision-aktuell.de (30.8.2019 Beitrag von Monika Ziegler) \u201eTheater in P\u00fcrbach\/N\u00d6\u201c<\/span><\/li>\n<\/ul>\n<span style=\"color: #ffffff;\">\u201eMit einer rasanten Darbietung, die alle M\u00f6glichkeiten der Darstellung aussch\u00f6pft, wartet Halleluja \u2013 Die Bibelshow auf.. Die beiden Schauspieler (Ursula Anna Baumgartner &amp; Manfred Schwaiger) bringen ihre jeweiligen Kompetenzen ganz gro\u00dfartig zum Tragen. Manfred Schwaiger spielt als Goliath Tischtennis wie ein Profi, er h\u00fcpft in R\u00f6ckchen \u00fcber die B\u00fchne und hat seinen ganz gro\u00dfen Auftritt am Ende in der Apokalypse des Johannes\u2026 Man schafft mit Projektionen und Lichteffekten eine atemberaubende Einbettung des Gesangs von Manfred Schwaiger. Der volle Bassbariton l\u00e4sst die ahnungsvollen Worte des Johannes zu einer Mahnung an das Publikum werden \u2013 Gro\u00dfe Oper , gro\u00dfe Stimme, gro\u00dfe Botschaft &#8211; &#8230; Halleluja \u2013 die Bibelshow verwebt Historie, Kultur, Religion mit Show und Unterhaltung dargeboten in schauspielerischer und musikalischer Perfektion, ein Hochgenuss, der mit Bravorufen des Publikums honoriert wurde!\u201c<\/span>\n\n<\/br><\/br>\n<span style=\"color: #da5252;\"><b>2018:<\/b><\/span>\n\n<span style=\"color: #da5252;\"><b>\u201eDer Vogelh\u00e4ndler\u201c<span class=\"Apple-converted-space\">\u00a0<\/span><\/b> Salzburger Operettentheater schlote productions<span class=\"Apple-converted-space\">\u00a0 <\/span><b>&#8211; Rolle: Baron Weps<\/b><\/span>\n<ul>\n \t<li><span style=\"color: #ffffff;\">Traunsteiner Tagblatt (5.1.2018 Wolfgang Schweiger) \u201e\u2026eine Idealbesetzung war auch Bassbariton Manfred Schwaiger, den den intriganten, korrupten Baron Weps kongenial verk\u00f6rperte!\u201c<\/span><\/li>\n \t<li><span style=\"color: #ffffff;\">S\u00fcdkurier (9.1.2018 J\u00fcrgen Scharf) \u201eErfolgreiche Auff\u00fchrung des Salzburger Operettentheaters im Bad S\u00e4ckinger Gloria Theater. \u2026 Die Sympathien des Publikums gewann auf Anhieb Manfred Schwaiger in seiner den Feudalismus parodierenden Darstellung des Baron Weps.\u201c<\/span><\/li>\n<\/ul>\n<ul>\n \t<li><span style=\"color: #ffffff;\">Badische Zeitung (10.1.2018 Roswitha Frey) \u201eOperette von Carl Zeller begeistert im Gloria Theater. \u2026. F\u00fcr k\u00f6stliche Adels-Parodien sorgen Manfred Schwaiger als f\u00fclliger Genussmensch Baron Weps, der auf eine gute Partie aus ist und Franziska Stanner als schw\u00e4rmerisch verliebte Baronin Adelaide.\u201c<\/span><\/li>\n<\/ul>\n<span style=\"color: #da5252;\"><b>2015:<\/b><\/span>\n\n<span style=\"color: #da5252;\"><b>\u201eEine Nacht in Venedig\u201c<\/b> Salzburger Operettentheater schlote <b>\u2013 Rolle: Senator Delaqua<\/b><\/span>\n<ul>\n \t<li><span style=\"color: #ffffff;\">Remscheid -rga-online <a style=\"color: #ffffff;\" href=\"http:\/\/www.teo-otto-theater\">www.teo-otto-theater<\/a> (13.1.2015)<\/span><\/li>\n<\/ul>\n<span style=\"color: #ffffff;\">\u201e..die 3 Senatoren sorgten mit ihren komischen Buffoeinlagen immer wieder f\u00fcr Lacher und Manfred Schwaiger \u00fcberzeugte als tragikomischer (fast)-geh\u00f6rnter Ehemann.\u201c<\/span>\n<\/br><\/br>\n<span style=\"color: #da5252;\"><b>2013:<\/b><\/span>\n\n<span style=\"color: #da5252;\"><b>\u201eGr\u00e4fin Mariza\u201c<\/b> Salzburger Operettentheater schlote \u2013 <b>Rolle: F\u00fcrst Dragomir Moritz Populescu<\/b><\/span>\n<ul>\n \t<li><span style=\"color: #ffffff;\">Schw\u00e4bische.de (8.1.2013) \u201eMariza verliebt sich zwar in ihren Verwalter, f\u00e4llt jedoch auf die Intrige des eifers\u00fcchtigen F\u00fcrsten Moritz Populescu herein.<span class=\"Apple-converted-space\">\u00a0 <\/span>Manfred Schwaiger, volumin\u00f6ser Bariton, sorgt den ganzen Abend f\u00fcr gro\u00dfe Heiterkeit im Saal.\u201c<\/span><\/li>\n<\/ul>\n<span style=\"color: #da5252;\"><b>2012:<\/b><\/span>\n\n<span style=\"color: #da5252;\"><b>\u201eDas Land des L\u00e4chelns\u201c<\/b> Salzburger Operettentheater schlote<span class=\"Apple-converted-space\">\u00a0<\/span><b> &#8211; Rolle: Obereunuch<\/b><\/span>\n<ul>\n \t<li><span style=\"color: #ffffff;\">Norddeutsche Rundschau (1.2.2012) \u201e\u2026als heimlicher Star des<span class=\"Apple-converted-space\">\u00a0 <\/span>Abends entpuppte sich \u201eObereunuch\u201c Manfred Schwaiger, der mit seiner eigenen Fassung von \u201eMeine Liebe, deine Liebe\u201c f\u00fcr ein ganz besonderes Vergn\u00fcgen sorgte!\u201c<\/span><\/li>\n<\/ul>\n<span style=\"color: #da5252;\"><b><span class=\"Apple-converted-space\">\u00a0<\/span>\u201eDas Dschungelbuch\u201c<\/b> Stadttheater M\u00f6dling (19.7.-5.8.2012<b>)<span class=\"Apple-converted-space\">\u00a0 <\/span>Rolle: Balu, der B\u00e4r, <\/b>Ausschnitte aus einem Zeitungsinterview \u2013 f\u00fcr mich \u2013 Magazin (April 2012), Regisseur Norberto Bertassi<\/span>\n<ul>\n \t<li><span style=\"color: #ffffff;\">Norberto Bertassi: \u201eBalu wird von<span class=\"Apple-converted-space\">\u00a0 <\/span>Manfred Schwaiger gespielt, einem Operns\u00e4nger und Schauspieler aus Wien, der schon mehrmals in teatro \u2013 Produktionen aufgetreten ist. (Das kleine Ich bin Ich, Konferenz der Tiere). Einen besseren Balu kann man gar nicht finden. Er ist nicht nur ein gro\u00dfer K\u00fcnstler, sondern liebt die Kinder so sehr, dass er auch in den Pausen mit ihnen scherzt und bl\u00f6delt.\u201c<\/span><\/li>\n<\/ul>\n<span style=\"color: #da5252;\"><b>2007 \u2013 2010:<\/b><\/span>\n\n<span style=\"color: #da5252;\"><b>\u201eAnatevka\u201c Kritiken, Rolle Tevje<span class=\"Apple-converted-space\">\u00a0<\/span><\/b><\/span>\n\n \t<li><span style=\"color: #ffffff;\">F\u00fcrther Zeitung (10.4.2007) nach der erfolgreichen<span class=\"Apple-converted-space\">\u00a0 <\/span>Premiere im sch\u00f6nen Stadttheater F\u00fcrth: \u201eAllen voran der f\u00fcr den erkrankten Gunther Emmerlich eingesprungene Manfred Schwaiger als Tevje. Seine musikalischen F\u00e4higkeiten sind vom ersten Ton an unbestritten, zudem gef\u00e4llt er als augenzwinkernder, mit Gott und dem Schicksal parlierender kleiner gro\u00dfer Mann vom Land. Stimmlich gelingt es ihm sofort, das Publikum in seinen Bann zu ziehen\u2026\u2026\u201c<\/span><\/li>\n<\/ul>\n<\/li>\n<\/ul>\n&nbsp;\n\n \t<li><span style=\"color: #ffffff;\">Wormser Zeitung<span class=\"Apple-converted-space\">\u00a0 <\/span>(13.4.2007): \u201eOb eine Inszenierung von Anatevka Erfolg hat, h\u00e4ngt in erster Linie vom Darsteller des Tevje ab, aus dessen Perspektive der Zuschauer die Geschehnisse wahrnimmt. Mit Manfred Schwaiger hat das Ensemble des Euro-Studios einen Darsteller in seinen Reihen, der nicht nur optisch hervorragend in diese Rolle passt, sondern auch den Charakter des Tevje \u00fcberzeugend verk\u00f6rpert. Ob in seinen Dialogen mit Gott oder seinen frei nach der Bibel zitierten Weisheiten \u2013 stets lie\u00df Manfred Schwaiger neben dem Humor auch die innere St\u00e4rke des Tevje sichtbar werden. Nur vor seiner Frau Golde, gespielt von Anke Lautenbach, hat er geh\u00f6rigen Respekt, wei\u00df sie aber geh\u00f6rig an der Nase herumzuf\u00fchren. Urkomisch die Szene im Ehebett, als Tevje seiner Frau einen Traum vorschwindelt\u2026\u2026..\u201c<\/span><\/li>\n<\/ul>\n<\/li>\n<\/ul>\n&nbsp;\n\n \t<li><span style=\"color: #ffffff;\">Pyrmonter Nachrichten (16.4.2007) Theater Hameln: \u201eEin h\u00f6chst erfreulicher Abend in Anatevka\u201c \u201eManfred Schwaiger als Milchmann Tevje in Joseph Steins Musical im Theater Hameln\u201c <span class=\"Apple-converted-space\">\u00a0<\/span>\u201eNach Ivan Rebroff, der vor Jahren in dieser Rolle anzutreffen war, h\u00e4tte eigentlich Gunther Emmerlich auf der B\u00fchne stehen sollen. Aber eine schwere Operation kam dazwischen, und Manfred Schwaiger sprang kurzfristig ein. Und das so perfekt, dass es der wortreichen Erkl\u00e4rung Rainer Steinkamps nicht bedurft h\u00e4tte:<span class=\"Apple-converted-space\">\u00a0<\/span>Schwaiger beherrscht die Rolle \u2013 eine prachtvolle Stimme \u2013 und genau diese zwischen \u201eeinerseits und andererseits\u201c pendelnden Gespr\u00e4che mit Gott: Da fehlte nichts. Anke Lautenbach als Golde hielt die Balance zwischen liebender Mama und hartem Besen. Entz\u00fcckend gespielt die Szene \u201eIst es Liebe?\u201c\u201c<\/span><\/li>\n<\/ul>\n<\/li>\n<\/ul>\n&nbsp;\n\n \t<li><span style=\"color: #ffffff;\">Amberger Zeitung (17.4.2007) Amberger Stadttheater: \u201eMilchmann Tevje begeistert noch immer \u2013 Faszinierendes Musical \u201eAnatevka\u201c im ausverkauften Amberger<span class=\"Apple-converted-space\">\u00a0 <\/span>Stadttheater umjubelt\u201c \u201e\u2026so konnten die Besucher am Sonntag als Tejve Manfred Schwaiger erleben und bewundern. Gemeinsam mit einem durchwegs \u00fcberzeugend besetzten Ensemble pr\u00e4sentierte Schwaiger \u201eseinen\u201c Tevje in einer bestechenden Art und Weise. Die Kombination aus Traditionsbewusstsein und Offenheit gegen\u00fcber Ver\u00e4nderungen der neuen Zeit, sein tiefgr\u00fcndiger philosophischer Humor, mit Lebensweisheiten begr\u00fcndet, seine \u201eZwiesprachen\u201c mit Gott, seine Schlitzohrigkeit, aber auch seine Unbeugsamkeit in \u201eprinzipiellen\u201c Gepflogenheiten \u2013 Schwaiger lebte diesen \u201eTevje\u201c in einer faszinierenden, stets glaubw\u00fcrdigen Intensit\u00e4t. Dass er dar\u00fcber hinaus auch noch sehr gut und in frappierender Textverst\u00e4ndlichkeit singen konnte, machte seine Darstellung vollends perfekt. Sein \u201eWenn ich einmal reich w\u00e4r\u201c im dritten Bild, aber auch sein Duett mit seiner Frau \u201eSag, ist es Liebe\u201c war einfach bewegend.\u201c<\/span><\/li>\n<\/ul>\n<\/li>\n<\/ul>\n&nbsp;\n\n \t<li><span style=\"color: #ffffff;\">Einbecker Morgenpost<span class=\"Apple-converted-space\">\u00a0 <\/span>(21.4.2007) Bendow-Theater Einbeck: \u201eSchwaigers \u201eMilchmann Tevje\u201c \u00fcberzeugte das Publikum\u201c<span class=\"Apple-converted-space\">\u00a0 <\/span>\u201eTevje hat f\u00fcnf T\u00f6chter, im Buch sind es sieben, eine Menge Gottvertrauen und Verstand. Manfred Schwaiger, seit 1996 mit dem St\u00fcck vertraut, bew\u00e4ltigte die Rolle des erkrankten Gunther Emmerlich stimmlich souver\u00e4n und stellte den Lebensklugen glaubhaft dar.\u201c<\/span><\/li>\n<\/ul>\n<\/li>\n<\/ul>\n&nbsp;\n\n \t<li><span style=\"color: #ffffff;\">Neue Presse Hannover (23.4.2007) Theater am Aegi: \u201eAuch ohne Emmerlich \u2013 Applaus f\u00fcr Anatevka\u201c \u201e\u2026Manfred Schwaiger vertritt ihn bestens, sorgt in witzigen \u201eZwiegespr\u00e4chen\u201c mit Gott f\u00fcr Lacher: \u201eIch wei\u00df, wir sind das auserw\u00e4hlte Volk, aber k\u00f6nntest Du nicht ab und zu mal ein anderes auserw\u00e4hlen?\u201c Schauspielerischer H\u00f6hepunkt ist die surreale Szene im Ehebett, als Tevje seiner Frau einen Traum vorschwindelt; ein musikalischer Leckerbissen sein \u201eWenn ich einmal reich w\u00e4r\u2026\u201c<\/span><\/li>\n<\/ul>\n<\/li>\n<\/ul>\n&nbsp;\n\n \t<li><span style=\"color: #ffffff;\">Neue Westf\u00e4lische (8.5.2007) Stadttheater Herford: \u201eDer Humor haust in Anatevka \u2013 Das Welterfolgsmusical beschert der Herforder Spielzeit ein launiges Finale\u201c \u201e\u2026.Manfred Schwaiger war nicht ein blo\u00dfer Emmerlich-Ersatz, der Bassbariton konnte in der Hauptrolle des Milchmannes \u201eTevje\u201c mehr als \u00fcberzeugen und die Zuschauer von Anfang an f\u00fcr sich gewinnen. Jubelnd applaudierten sie ihm, seiner Partnerin Anke Lautenbach als \u201eGolde\u201c f\u00fcr eine gelungen-launige, am\u00fcsante wie kurzweilige Vorstellung\u2026.\u201c<\/span><\/li>\n<\/ul>\n<\/li>\n<\/ul>\n&nbsp;\n\n \t<li><span style=\"color: #ffffff;\">Hanauer Anzeiger (11.5.2007) Congress Park Hanau:<span class=\"Apple-converted-space\">\u00a0<\/span>\u201eAnatevka begeistert das Hanauer Publikum\u201c \u201e\u2026Im Zentrum der ebenso pittoresk-stimmungsvollen wie kurzweiligen Inszenierung Manfred W. von Wildemanns (als Gastspiel der Konzertdirektion Landgraf) steht die schauspielerische und s\u00e4ngerische Glanzleistung des Protagonisten Manfred Schwaiger. Aus traditionsgl\u00e4ubigem Opportunismus, gro\u00dfen Vatergef\u00fchlen und unersch\u00fctterlichem Glauben an ein besseres Morgen speist sich ein kraftvolles Rollenportr\u00e4t. Das jiddische Sprichwort von der Freude des Juden, der stets ein Schuss Furcht beigemischt ist, wird durch Schwaigers unsentimentale Darstellung als Lebenswirklichkeit greifbar\u2026.\u201c<\/span><\/li>\n<\/ul>\n<\/li>\n<\/ul>\n&nbsp;\n\n \t<li><span style=\"color: #ffffff;\">B\u00f6nnigheimer Zeitung (11.5.2007): \u201e\u2026In Manfred Schwaiger aus Wien konnte ein S\u00e4nger mit warmem, wandlungsreichen Bariton und Schauspieler gewonnen werden, der der Figur des Milchmanns Tevje eine vollkommen glaubw\u00fcrdige Ausstrahlung verlieh. \u2026.\u201c<\/span><\/li>\n<\/ul>\n<\/li>\n<\/ul>\n&nbsp;\n\n \t<li><span style=\"color: #ffffff;\"><a style=\"color: #ffffff;\" href=\"http:\/\/www.morgenweb.de\/region\/langertheim\/20070413\">www.morgenweb.de\/region\/langertheim\/20070413<\/a> \u201e..Bassbariton Manfred Schwaiger ist die Rolle Tevje wie auf den Leib geschneidert\u2026.\u201c<\/span><\/li>\n<\/ul>\n<\/li>\n<\/ul>\n&nbsp;\n<ul>\n \t<li><span style=\"color: #ffffff;\">Kulturbericht N\u00d6: Nach 3 Vorstellungen 3.,4. Und 5.Mai 2010 im Stadttheater Bruck an der Leitha: \u201eCANTUS CARNUNTUM freut sich \u00fcber den Riesenerfolg mit \u201eAnatevka\u201c \u201eJede Auff\u00fchrung ausverkauft \u2013 Standing Ovations \u2013 begeisterte R\u00fcckmeldungen aus dem Publikum\u201c \u201e\u2026.einen wesentlichen Beitrag zum gro\u00dfen Erfolg des St\u00fcckes leisteten die SolistInnen in den Hauptrollen, wobei vor allem Gabi Rupp (Golde) und Manfred Schwaiger (Tevje, der Milchmann) hervorzuheben sind. Sie gaben ein gro\u00dfartiges Paar ab und erg\u00e4nzten sich in ihren schauspielerischen und gesanglichen Leistungen wunderbar. \u2026.\u201c<\/span><\/li>\n<\/ul>\n<ul>\n \t<li><span style=\"color: #ffffff;\">N\u00d6N Woche 43\/2010: \u201eDa capo f\u00fcr Publikumshit\u201c \u201eMUSICAL \/ Die Zusatzvorstellungen von Anatevka brachten einen weiteren Erfolg f\u00fcr Cantus Carnuntum und seine Partner\u201c \u201e\u2026Beide Vorstellungen ausverkauft und ein begeistertes Publikum, das sich von einem hervorragenden Ensemble in die Welt des Milchmanns Tevje entf\u00fchren lie\u00df. In den Hauptrollen \u00fcberzeugten Gabi Rupp (Golde) und Manfred Schwaiger (Tevje), die sich schauspielerisch und gesanglich gut erg\u00e4nzten. \u2026.\u201c<\/span><\/li>\n<\/ul>\n<span style=\"color: #da5252;\"><b>Und zwei sehr alte Kritiken noch aus der Zeit des Studiums am Kons. Wien<\/b><\/span>\n\n<span style=\"color: #da5252;\"><b>\u201eDie Kluge\u201c<\/b> Stadttheater Baden\u201c Opernschule Kons. Wien (30.4.1998<b>) Rolle: 2.Strolch<\/b><\/span>\n<ul>\n \t<li><span style=\"color: #ffffff;\">\u201eEine Meisterleistung an drastischer und doch wirksamer Komik erbrachten die drei Strolche Franz Leitner (Tenor), Manfred Schwaiger (Bariton) und Bernd Kronowetter (Bass).\u201c<\/span><\/li>\n<\/ul>\n<span style=\"color: #da5252;\"><b>\u201eDie Cs\u00e1rd\u00e1sf\u00fcrstin&#8220;<\/b><\/span><span style=\"color: #da5252;\"><b>\u00a0<\/b> Klangbogen Wien, Rathaus Arkaden (Sommer 1995<b>) Rolle: Feri Bacsi<\/b><\/span>\n<ul>\n \t<li><span style=\"color: #ffffff;\">Wiener Zeitung (27.6.1995) : \u201eManfred Schwaiger als Feri Bacsi begeisterte das Publikum mit Witz und einem wundersch\u00f6nen Bariton.\u201c<\/span><\/li>\n<\/ul>\n<span style=\"color: #da5252;\"><b>KINDERTHEATER, Reaktionen und R\u00fcckmeldungen<\/b><\/span>\n\n<span style=\"color: #da5252;\"><b>Manfred Schwaiger \u2013 Workshop-R\u00fcckmeldungen \u201eDie kleine Zauberfl\u00f6te\u201c<\/b><\/span>\n\n<span style=\"color: #da5252;\"><b>2017:<span class=\"Apple-converted-space\">\u00a0<\/span><\/b><\/span>\n<ul>\n \t<li><span style=\"color: #ffffff;\">Mit der Volksschule 1100 Wien, Wendstattgasse 3 (Proben im M\u00e4rz und April 2017) 2 Auff\u00fchrungen im Haus der Begegnung \u2013 Per Albin Hansson-Siedlung am 28.4.2017<\/span><\/li>\n \t<li><span style=\"color: #ffffff;\">Frau Dir. Eva Rychli: \u201eDas war einfach gro\u00dfartig und fantastisch! Vielen herzlichen Dank f\u00fcr Deine M\u00fche und die tolle Arbeit mit all unseren Kindern! Auch die Eltern und Gro\u00dfeltern im zwei mal ausverkauften HdB waren restlos begeistert. Und das in Favoriten. Eine Sternstunde der Oper!!! Ich freue mich auf viele weitere Projekte mit Dir!\u201c<\/span><\/li>\n<\/ul>\n<span style=\"color: #da5252;\"><b>2016:<\/b><\/span>\n<ul>\n \t<li><span style=\"color: #ffffff;\"><b>Mit der Volksschule Angerberg in Tirol<\/b> \u2013 Proben 12.12.-16.12. <b>Eine Auff\u00fchrung<\/b> im riesigen Festsaal der Gemeinde bei der Schule <b>am 16.12.2016<\/b><\/span><\/li>\n \t<li><span style=\"color: #ffffff;\">Frau Fachlehrerin Renate Siwetz, VS Angerberg: \u201e Die Woche mit Dir zur Vorbereitung der ZAUBERFL\u00d6TE war einfach wunderbar \u2013 lustig, fr\u00f6hlich, motivierend, immer wertsch\u00e4tzend und sehr lehrreich. Alle 74 Kinder unserer Volksschule waren eingebunden und hochmotiviert bei der \u201eArbeit\u201c. T\u00e4glich freuten sie sich schon auf die Probenarbeit mit Dir. Die Auff\u00fchrung selber war ein Bombenerfolg und hat Jung &amp; Alt gleicherma\u00dfen begeistert.<span class=\"Apple-converted-space\">\u00a0<\/span><\/span><\/li>\n \t<li><span style=\"color: #ffffff;\">DANKE f\u00fcr die sch\u00f6ne Zeit!\u201c <span class=\"Apple-converted-space\">\u00a0 <\/span>Renate Siwetz (per Mail am 20.12.2016)<\/span><\/li>\n \t<li><span style=\"color: #ffffff;\">Eva Strillinger, Elternverein, Mutter von zwei mitspielenden Kindern:<span class=\"Apple-converted-space\">\u00a0 <\/span>\u201eHallo Mani, m\u00f6chte mich ganz herzlich bei dir bedanken\u2026du warst einfach Spitze!! Die Kinder waren so begeistert und die Zuschauer hatten einen wirklich am\u00fcsanten Nachmittag! Die Zauberfl\u00f6te wird die Kinder wohl ein Leben lang begleiten in Form einer wunderbaren Erinnerung mit einem Operns\u00e4nger, Entertainer und Trainer erster Klasse! Es war ein tolles Erlebnis und das (gesamte) in 5 Tage gepackt!! Einfach fantastisch! LG Eva\u201c<span class=\"Apple-converted-space\">\u00a0 <\/span>(facebook-Nachricht 11.1.2017)<\/span><\/li>\n<\/ul>\n<ul>\n \t<li><span style=\"color: #ffffff;\">Evi Bichler-Goetsch, Raiffeisenbank Angerberg: \u201e\u2026ich hab mir die Auff\u00fchrung angeschaut. Das war wirklich, wirklich toll! Gratulation! Ich bin stolz, dass wir das Projekt unterst\u00fctzen durften!\u201c (per Mail<span class=\"Apple-converted-space\">\u00a0 <\/span>an Eva Strillinger, weitergeleitet von ihr an mich 29.12.2016)<\/span><\/li>\n<\/ul>\t\t\t\t\t<\/div>\n\t\t\t\t\t\t<\/div>\n\t\t\t\t<\/div>\n\t\t\t\t\t\t<\/div>\n\t\t\t\t\t<\/div>\n\t\t<\/div>\n\t\t\t\t\t\t\t\t<\/div>\n\t\t\t\t\t<\/div>\n\t\t<\/section>\n\t\t\t\t<section class=\"elementor-section elementor-top-section elementor-element elementor-element-b54985f elementor-section-boxed elementor-section-height-default elementor-section-height-default\" data-id=\"b54985f\" data-element_type=\"section\">\n\t\t\t\t\t\t<div class=\"elementor-container elementor-column-gap-default\">\n\t\t\t\t\t\t\t<div class=\"elementor-row\">\n\t\t\t\t\t<div class=\"elementor-column elementor-col-100 elementor-top-column elementor-element elementor-element-061f46f\" data-id=\"061f46f\" data-element_type=\"column\">\n\t\t\t<div class=\"elementor-column-wrap elementor-element-populated\">\n\t\t\t\t\t\t\t<div class=\"elementor-widget-wrap\">\n\t\t\t\t\t\t<div class=\"elementor-element elementor-element-50a4c4d elementor-widget elementor-widget-text-editor\" data-id=\"50a4c4d\" data-element_type=\"widget\" data-widget_type=\"text-editor.default\">\n\t\t\t\t<div class=\"elementor-widget-container\">\n\t\t\t\t\t\t\t\t<div class=\"elementor-text-editor elementor-clearfix\">\n\t\t\t\t<div style=\"color: #da5252;\"><b style=\"color: #da5252;\">Mit der Volksschule Eberstalzell, Ober\u00f6sterreich <\/b>\u2013 Proben<span class=\"Apple-converted-space\"> 11.-15.1.2016.<b style=\"color: #da5252;\"> Eine Auff\u00fchrung <\/b>im gro\u00dfen Turnsaal der Volksschule <b>am 15.1.2016<\/b><\/div>\n<\/br>\n<div style=\"color: #fff;\">Frau Dir. Irmgard Peterleithner: \u201eSehr geehrter Herr Schwaiger, lieber Manfred. Nochmals vielen vielen Dank f\u00fcr deinen wirklich<span class=\"Apple-converted-space\">\u00a0 <\/span>lehrreichen, sch\u00f6nen und lustigen Workshop mit all unseren 120 Kindern. Es war unglaublich, welch schauspielerisches K\u00f6nnen du nur innerhalb einer Woche aus den Sch\u00fcler herausgeholt hast. Der tolle Vorstellungsabend der \u201eKleinen Zauberfl\u00f6te\u201c wird uns noch lange in Erinnerung bleiben.\u201c<span class=\"Apple-converted-space\">\u00a0 <\/span>(per Mail am 27.1.2016)\n<\/br><\/br>\nChrista Watzinger, Lehrerin VS Eberstalzell: \u201eIch m\u00f6chte dir noch einmal ein herzliches Dankesch\u00f6n f\u00fcr deine hervorragende Arbeit aussprechen, sch\u00f6n war es f\u00fcr mich zu beobachten mit wieviel Ruhe, Geduld und Liebensw\u00fcrdigkeit du auf die Kinder eingegangen bist und aus ihnen das Beste herausgeholt hast.\n<\/br><\/br>\nMit deiner Arbeit ist es gelungen, dass Kinder ihre Talente auf der B\u00fchne zeigen konnten, die im allt\u00e4glichen Unterricht oft verborgen bleiben\u201c<span class=\"Apple-converted-space\">\u00a0 <\/span>(per Mail, J\u00e4nner 2016)\n<\/br><\/br>\n<div style=\"color: #da5252;\">Zeitungsartikel Tips Wels \u2013 Land &amp; Leute \u201eZAUBERFL\u00d6TE &#8211; Opernabend mit vielen Stars\u201c<\/div>\n<\/br>\n\u201eNicht drei, sondern gleich acht junge Dienerinnen der K\u00f6nigin der Nacht retteten Prinz Tamino vor der unglaublich gef\u00e4hrlichen riesigen Riesenschlange. Mit der ultimativen Geheimwaffe,<span class=\"Apple-converted-space\">\u00a0 <\/span>der super-mega-\u00fcberdr\u00fcber-galaktischen Bratpfanne gelang es den jungen Damen das Ungeheuer zu t\u00f6ten. Zu verdanken ist das dem Wiener Operns\u00e4nger Manfred Schwaiger, der Mozarts \u201eZauberfl\u00f6te\u201c bearbeitet und an nur f\u00fcnf Tagen mit 120 Eberstalzeller Volkssch\u00fclern in einem Workshop einstudiert hat. Die Kinder haben gesungen, getanzt, improvisiert, Theater gespielt und vor allem Freude und gro\u00dfen Spa\u00df gehabt und nebenbei viel gelernt.\u201c (Zeitungsartikel 4.Woche 2016)\n<\/br><\/br>\n<div style=\"color: #da5252;\"><b>2015:<\/b><\/div>\n<\/br>\n<div style=\"color: #da5252;\"><b>Mit der Friedrich Sacher Schule (f\u00fcr Kinder mit speziellen Bed\u00fcrfnissen) in Lassee \u2013 N\u00d6<span class=\"Apple-converted-space\">\u00a0 <\/span>&#8211; <\/b>Proben 24.-29.4<b>. Eine Auff\u00fchrung<\/b> im Festsaal der Schule mit B\u00fchne <b>am 30.4.2015<\/b><\/div>\n<\/br>\nFrau Hanni Bernkopf, Direktion: \u201e Lieber Mani! Vielen Dank f\u00fcr deinen Einsatz und dein Engagement. Er war eine tolle Erfahrung! Hanni Bernkopf und das Team der Friedrich Sacher Schule Lassee!\u201c (Pers\u00f6nlicher Brief 30.4.2015)\n<\/br><\/br>\n<div style=\"color: #da5252;\"><b>R\u00fcckmeldungen auf meine Rolle als Papageno w\u00e4hrend meiner bisherigen Kindertheaterzeit (\u201eKinderoper Papageno\u201c, \u201eKinderoper Piccolino\u201c und mein \u201eZauberhaftes Musiktheater\u201c)<span class=\"Apple-converted-space\">\u00a0 <\/span>&#8211; von Schulen, Kinderg\u00e4rten, Regisseuren, Eltern und Kollegen:<\/b><\/div>\n<\/br>\n\u201eDas war SUPER, Manfred Schwaiger als Papageno Spitze! Alle waren begeistert, auch die Erstkl\u00e4ssler waren voll dabei bis zum Ende!\u201c (Julia Schuck,VS Sch\u00f6llkrippen, Bayern)\n<\/br><\/br>\n\u201eSehr geehrter Herr Schwaiger! Ich m\u00f6chte mich noch einmal bedanken f\u00fcr diese wirklich entz\u00fcckende, lustvolle und mitrei\u00dfende Einf\u00fchrung in die Welt der Zauberfl\u00f6te. Sie konnten die Kinder mit einfachen Mitteln und durch ihr pers\u00f6nliches Engagement derart begeistern \u2013 danke, danke, danke!!! Mit besonders lieben Gr\u00fc\u00dfen\u201c (Gerlinde Graninger, VS1200 Wien, Engerthstr.)<span class=\"Apple-converted-space\">\u00a0<\/span>\n<\/br><\/br>\n\u201eLieber Papageno.. Tausend Dank einmal f\u00fcr Gestern.. es war toll, alle waren von dir begeistert.. und wir doppelt!\u201c (Katarina, Mutter nach einer Geburtstagsvorstellung f\u00fcr Tochter Lilly)\n<\/br><\/br>\n\u201eLieber Manfred! Du hast den Papageno so authentisch repr\u00e4sentiert, dass wir gar nicht den Eindruck hatten, als w\u00e4re es nur eine Rolle f\u00fcr Dich. Dein Theaterst\u00fcck war so lustig, abwechslungsreich und gut gespielt bzw. gesungen, dass alle Kinder und Erwachsenen sehr begeistert waren. Danke, dass du das Interesse all unserer Kinder mit ihren unterschiedlichen Bed\u00fcrfnissen so gut angesprochen hast \u2013 wir freuen uns auf n\u00e4chstes Jahr!\u201c (Daniela Fleischmann, SPZ Korneuburg)\n<\/br><\/br>\n\u201eDas war Weltklasse!!!\u201c (Dir.Bernhard Naber, VS Josefinum, 1140 Wien Breitensee)\n<\/br><\/br>\n\u201eHallo Manfred! Ich m\u00f6chte mich noch einmal f\u00fcr den unglaublich tollen Vormittag mit den Kindern bedanken. Wir waren alle sehr begeistert. Einige haben gefragt, wann der Papa(geno) wieder kommt, weil der so nett war\u2026 Liebe Gr\u00fc\u00dfe\u201c (Nina Plattner, VS Niederndorf, Kufstein, Tirol)\n<\/br><\/br>\n<span class=\"Apple-converted-space\">\u00a0<\/span>\u201eAus p\u00e4dagogischer und k\u00fcnstlerischer Sicht: kindgerecht, einf\u00fchlsam, motivierend, witzig; belegt Erfahrungen der Sch\u00fcler aus dem Musikunterricht, p\u00e4dagogisch wertvoll!<span class=\"Apple-converted-space\">\u00a0 <\/span>Besonders aufgefallen Manfred Schwaiger als Papageno, ein Charmeur, kann hervorragend mit Kindern umgehen, sie ins Spielgeschehen einbeziehen und begeistern. Leistung aller Schauspieler \u00fcberdurchschnittlich, engagiert.<span class=\"Apple-converted-space\">\u00a0 <\/span>\u2026alle haben beeindruckende, ehrliche Arbeit abgeliefert. Anerkennung und Respekt!\u201c (Dir. Grund- und Hauptschule D 75387 Neubulach)\n<\/br><\/br>\n\u201eAusstrahlung von Papageno \u2013 Manfred Schwaiger \u2013war toll. Auch bei den \u00e4lteren Sch\u00fclern wurde das St\u00fcck begeistert aufgenommen! (Hr.K\u00fcchl, Parzival-Volksschule, D-63916 Amorbach)\n<\/br><\/br>\n\u201eStimmlich herausragend, Papageno. Er hat den Kindern besonders gefallen. Sehr liebevoll gemacht, viel kindgerechter Humor! Das junge und erwachsene Publikum war begeistert!\u201c<span class=\"Apple-converted-space\">\u00a0 <\/span>(Dr. Heidi Fast, Kulturamt der Stadt Lienz)\n<\/br><\/br>\n\u201eF\u00fcr die Sch\u00fcler der 5. Und 6.Klassen hervorragend geeignet \u2013 guter Weg, Sch\u00fcler zu einer in dieser Altersstufe wohl nicht aktuellen Musik heranzuf\u00fchren und gr\u00f6\u00dfte Begeisterung zu wecken!<span class=\"Apple-converted-space\">\u00a0 <\/span>Vor allem Papageno gro\u00dfartig und begeisternd \u2013 siehe Mitgehen und Autogrammw\u00fcnsche! Kinder schw\u00e4rmten anderen Klassen aus anderen Schulen vor. Als Schulleiter kann ich diese Art von Musikvermittlung nur weiterempfehlen! Eine p\u00e4dagogisch und k\u00fcnstlerisch sehr wertvolle Stunde im Schulalltag! Sch\u00fcler und Lehrer sind nach wie vor begeistert von der hervorragenden Auff\u00fchrung. Ich w\u00fcnsche Ihnen weiterhin viel Erfolg und freue mich schon auf ein m\u00f6gliches Wiedersehen.\u201c (Frau Rothhammer und H.Kreileder, Rektor der Volksschule Niederscheyern)\n<\/br><\/br>\n\u201ePapageno super! Alle waren begeistert! (Dir.Walpurga Jansa, VS K\u00f6ttmannsdorf, K\u00e4rnten)\n<\/br><\/br>\n\u201ePapageno! Ganz toll und begeisternd. St\u00fcck aus p\u00e4dagogischer Sicht<span class=\"Apple-converted-space\">\u00a0 <\/span>sehr gut einsetzbar, zB.<span class=\"Apple-converted-space\">\u00a0 <\/span>Zum Abschluss eines 2-w\u00f6chigen Mozart-Schwerpunktes (Leben,Werk\u2026) (Manfred Preimesberger, HS Attnang Puchheim)\n<\/br><\/br>\n\u201eManfred Schwaiger als Papageno war stimmlich und schauspielerisch hervorragend. Die Sch\u00fcler waren begeistert und sind mitgerissen worden!\u201c (Direktion, VS1und2 Deutschlandsberg, Stmk)\n<\/br><\/br>\n\u201eHallo lieber Manfred, wir m\u00fcssen uns ganz herzlich bei Dir bedanken. Dein Auftritt war gro\u00dfartig und wir hatten alle viel Spa\u00df!\u201c (Carmen Koell, room 13)\n<\/br><\/br>\n\u201eToi Toi Toi f\u00fcr deine wunderbare Darstellung des Papageno in \u201eDie kleine Zauberfl\u00f6te\u201c.. Alles Liebe\u201c (Stefan Kranitz, Regisseur und Intendant Kinderoper Piccolino)<span class=\"Apple-converted-space\">\u00a0<\/span>\n<\/br><\/br>\n\u201eDu hast den Papageno sensationell gespielt und auch gesungen. Und das bei dieser Hitze!!<span class=\"Apple-converted-space\">\u00a0 <\/span>Gratuliere dir mein Lieber!\u201c (Roman Payer, Tenor \u2026, nach einer Vorstellung in St.Margarethen im R\u00f6mersteinbruch bei gef\u00fchlten 50 Grad Celsius im Schatten)\n<\/br><\/br>\n\u201eDiese Art Opernauff\u00fchrung hat mir super gefallen. Man kann von solchen Auff\u00fchrungen f\u00fcr den Musikunterricht viel lernen. Die S\u00e4nger, besonders ihre Stimmen und wie sie gespielt haben, waren toll.\u201c (Christine Feichtinger, Sch\u00fclerin 9 Jahre alt, VS Bregenz)\n<\/br><\/br>\n\u201eDu warst super, sch\u00f6ne Erinnerung\u201c (Manfred Waba, Regisseur der Zauberfl\u00f6te im R\u00f6mersteinbruch St. Margarethen 2006 und 2007)<\/div>\t\t\t\t\t<\/div>\n\t\t\t\t\t\t<\/div>\n\t\t\t\t<\/div>\n\t\t\t\t\t\t<\/div>\n\t\t\t\t\t<\/div>\n\t\t<\/div>\n\t\t\t\t\t\t\t\t<\/div>\n\t\t\t\t\t<\/div>\n\t\t<\/section>\n\t\t\t\t\t\t\t\t\t<\/div>\n\t\t\t<\/div>\n\t\t\t\t\t<\/div>\n\t\t","protected":false},"excerpt":{"rendered":"<p>2024: &#8222;Die Fledermaus&#8220; &#8211; Sallzburger Operettentheater &#8211; schlote und Partner, Rolle: &#8222;Frosch&#8220; MAIN POST (01.01.2024 Manfred Herker) nach einer Vorstellung in Schweinfurt am 31.12.2023 &#8222;&#8230;es wurde ein h\u00f6chst vergn\u00fcgllicher Abend, eine gelungene Einstimmung auf den Jahreswechsel&#8230; Gerichtsdiener Frosch &#8211; Paraderolle vieler Kom\u00f6dianten wie Hans Moser oder Karl Valentin&#8230;Manfred Schwaiger macht daraus ein gro\u00dfartiges Kabinettst\u00fcck aus [&hellip;]<\/p>\n","protected":false},"author":1,"featured_media":0,"parent":0,"menu_order":0,"comment_status":"closed","ping_status":"closed","template":"","meta":[],"_links":{"self":[{"href":"https:\/\/manfred-schwaiger.at\/index.php\/wp-json\/wp\/v2\/pages\/3284"}],"collection":[{"href":"https:\/\/manfred-schwaiger.at\/index.php\/wp-json\/wp\/v2\/pages"}],"about":[{"href":"https:\/\/manfred-schwaiger.at\/index.php\/wp-json\/wp\/v2\/types\/page"}],"author":[{"embeddable":true,"href":"https:\/\/manfred-schwaiger.at\/index.php\/wp-json\/wp\/v2\/users\/1"}],"replies":[{"embeddable":true,"href":"https:\/\/manfred-schwaiger.at\/index.php\/wp-json\/wp\/v2\/comments?post=3284"}],"version-history":[{"count":31,"href":"https:\/\/manfred-schwaiger.at\/index.php\/wp-json\/wp\/v2\/pages\/3284\/revisions"}],"predecessor-version":[{"id":3585,"href":"https:\/\/manfred-schwaiger.at\/index.php\/wp-json\/wp\/v2\/pages\/3284\/revisions\/3585"}],"wp:attachment":[{"href":"https:\/\/manfred-schwaiger.at\/index.php\/wp-json\/wp\/v2\/media?parent=3284"}],"curies":[{"name":"wp","href":"https:\/\/api.w.org\/{rel}","templated":true}]}}